{"id":54974,"date":"2025-07-10T15:35:46","date_gmt":"2025-07-10T13:35:46","guid":{"rendered":"https:\/\/jst.es\/condicoes-gerais-de-contratacao\/"},"modified":"2026-01-28T09:25:23","modified_gmt":"2026-01-28T08:25:23","slug":"condicoes-gerais-de-contratacao","status":"publish","type":"page","link":"https:\/\/jst.es\/pt-pt\/condicoes-gerais-de-contratacao\/","title":{"rendered":"Condi\u00e7\u00f5es gerais de contrata\u00e7\u00e3o"},"content":{"rendered":"\t\t<div data-elementor-type=\"wp-page\" data-elementor-id=\"54974\" class=\"elementor elementor-54974 elementor-4659\" data-elementor-post-type=\"page\">\n\t\t\t\t\t\t<section class=\"elementor-section elementor-top-section elementor-element elementor-element-7a63404 elementor-section-boxed elementor-section-height-default elementor-section-height-default\" data-id=\"7a63404\" data-element_type=\"section\" data-e-type=\"section\">\n\t\t\t\t\t\t<div class=\"elementor-container elementor-column-gap-default\">\n\t\t\t\t\t<div class=\"elementor-column elementor-col-100 elementor-top-column elementor-element elementor-element-f28b777\" data-id=\"f28b777\" data-element_type=\"column\" data-e-type=\"column\">\n\t\t\t<div class=\"elementor-widget-wrap elementor-element-populated\">\n\t\t\t\t\t\t<div class=\"elementor-element elementor-element-afa880e elementor-widget elementor-widget-heading\" data-id=\"afa880e\" data-element_type=\"widget\" data-e-type=\"widget\" data-widget_type=\"heading.default\">\n\t\t\t\t<div class=\"elementor-widget-container\">\n\t\t\t\t\t<h3 class=\"elementor-heading-title elementor-size-default\">1. Objeto e \u00e2mbito de aplica\u00e7\u00e3o das presentes CGC.<\/h3>\t\t\t\t<\/div>\n\t\t\t\t<\/div>\n\t\t\t\t<div class=\"elementor-element elementor-element-9322988 elementor-widget elementor-widget-text-editor\" data-id=\"9322988\" data-element_type=\"widget\" data-e-type=\"widget\" data-widget_type=\"text-editor.default\">\n\t\t\t\t<div class=\"elementor-widget-container\">\n\t\t\t\t\t\t\t\t\t<p><strong> <\/strong>As presentes condi\u00e7\u00f5es gerais de contrata\u00e7\u00e3o ser\u00e3o aplic\u00e1veis aos produtos oferecidos pela <strong>J.S.T. ESPA\u00d1A, S.A.U.<\/strong>, com sede na rua Vilatort, n\u00famero 20, Pol\u00edgono Industrial Coll de Montcada, C.P. 08110, Montcada i Reixac, Barcelona, Espanha, titular do NIF n\u00famero A-08691453, inscrita no Registo Comercial de Barcelona, folha B-37372, tomo 29148, f\u00f3lio 18. <\/p><p>As presentes condi\u00e7\u00f5es gerais de compra t\u00eam por finalidade regular as rela\u00e7\u00f5es contratuais entre a <strong>J.S.T. ESPA\u00d1A, S.A.U. <\/strong> e os seus clientes, decorrentes da venda dos seus produtos, sendo, por conseguinte, consideradas contrato entre as partes. As Condi\u00e7\u00f5es Gerais de Contrata\u00e7\u00e3o ser\u00e3o aplic\u00e1veis a todos os termos que n\u00e3o estejam sujeitos a condi\u00e7\u00f5es particulares acordadas com o cliente. <\/p><p>Consequentemente, as compras e vendas de produtos da <strong>J.S.T. ESPA\u00d1A, S.A.U.<\/strong> estar\u00e3o sujeitas \u00e0s presentes Condi\u00e7\u00f5es Gerais de Contrata\u00e7\u00e3o e ser\u00e3o complementadas pelas condi\u00e7\u00f5es particulares que, se for o caso, a <strong>J.S.T. ESPA\u00d1A, S.A.U. <\/strong> tenha acordado com os seus clientes para cada um dos seus pedidos.<\/p><p>Para qualquer comunica\u00e7\u00e3o com a <strong>J.S.T. ESPA\u00d1A, S.A.U.,<\/strong> o cliente poder\u00e1 dirigir-se ao seguinte endere\u00e7o de correio eletr\u00f3nico: <span style=\"color: #009b42;\"><a style=\"color: #009b42;\" href=\"mailto:jst@jst.es\">jst@jst.es<\/a>.<\/span><\/p>\t\t\t\t\t\t\t\t<\/div>\n\t\t\t\t<\/div>\n\t\t\t\t<div class=\"elementor-element elementor-element-e0b89bb elementor-widget elementor-widget-heading\" data-id=\"e0b89bb\" data-element_type=\"widget\" data-e-type=\"widget\" data-widget_type=\"heading.default\">\n\t\t\t\t<div class=\"elementor-widget-container\">\n\t\t\t\t\t<h3 class=\"elementor-heading-title elementor-size-default\">2. Produtos oferecidos\n<\/h3>\t\t\t\t<\/div>\n\t\t\t\t<\/div>\n\t\t\t\t<div class=\"elementor-element elementor-element-4a9072a elementor-widget elementor-widget-text-editor\" data-id=\"4a9072a\" data-element_type=\"widget\" data-e-type=\"widget\" data-widget_type=\"text-editor.default\">\n\t\t\t\t<div class=\"elementor-widget-container\">\n\t\t\t\t\t\t\t\t\t<p><strong> <\/strong>As presentes condi\u00e7\u00f5es gerais ser\u00e3o aplic\u00e1veis aos contratos de compra e venda relativos aos produtos oferecidos pela empresa para a ind\u00fastria. Esses produtos s\u00e3o os disponibilizados na p\u00e1gina web da <strong>J.S.T. ESPA\u00d1A, S.A.U.<\/strong>, onde poder\u00e1 obter o cat\u00e1logo dos nossos produtos. <span style=\"color: #009b42;\"><a style=\"color: #009b42;\" href=\"https:\/\/jst.es\/catalogo\/\">Cat\u00e1logo \u2013 JST<\/a><\/span> <\/p>\t\t\t\t\t\t\t\t<\/div>\n\t\t\t\t<\/div>\n\t\t\t\t<div class=\"elementor-element elementor-element-a97677b elementor-widget elementor-widget-heading\" data-id=\"a97677b\" data-element_type=\"widget\" data-e-type=\"widget\" data-widget_type=\"heading.default\">\n\t\t\t\t<div class=\"elementor-widget-container\">\n\t\t\t\t\t<h3 class=\"elementor-heading-title elementor-size-default\">3. Procedimentos para a celebra\u00e7\u00e3o do contrato.\n<\/h3>\t\t\t\t<\/div>\n\t\t\t\t<\/div>\n\t\t\t\t<div class=\"elementor-element elementor-element-c4f19df elementor-widget elementor-widget-text-editor\" data-id=\"c4f19df\" data-element_type=\"widget\" data-e-type=\"widget\" data-widget_type=\"text-editor.default\">\n\t\t\t\t<div class=\"elementor-widget-container\">\n\t\t\t\t\t\t\t\t\t<p>3.1<strong>. <\/strong> Uma vez recebida a solicita\u00e7\u00e3o do pedido, a <strong>J.S.T. ESPA\u00d1A, S.A.U.<\/strong> confirmar\u00e1 a respetiva rece\u00e7\u00e3o mediante o envio de um aviso de rece\u00e7\u00e3o por correio eletr\u00f3nico para o endere\u00e7o indicado pelo cliente, no prazo de 24 a 48 horas ap\u00f3s a rece\u00e7\u00e3o da solicita\u00e7\u00e3o.<\/p><p>3.2. Ao receber o seu pedido, este considerar-se-\u00e1 aceite, reconhecido e o contrato considerar-se-\u00e1 celebrado no momento da confirma\u00e7\u00e3o enviada pela <strong> J.S.T. ESPA\u00d1A, S.A.U. <\/strong> N\u00e3o \u00e9 poss\u00edvel anular um pedido firme, uma vez que, ap\u00f3s a sua confirma\u00e7\u00e3o, o pedido constitui uma compra e venda definitiva.<\/p><p>3.3. A <strong>J.S.T. ESPA\u00d1A, S.A.U.<\/strong> reserva-se o direito de recusar um pedido, sem que da\u00ed resulte qualquer responsabilidade a esse respeito.<\/p><p>3.4. Qualquer altera\u00e7\u00e3o ao pedido dever\u00e1 ser feita pelas partes por escrito, com o acordo de ambas.<\/p><p>3.5. Todas as comunica\u00e7\u00f5es entre as partes relativas ao pedido ser\u00e3o efetuadas por escrito ou atrav\u00e9s dos meios eletr\u00f3nicos acordados e, para serem vinculativas, dever\u00e3o estar assinadas por pessoas devidamente autorizadas por ambas as partes. As partes acordam a validade do correio eletr\u00f3nico como meio de comunica\u00e7\u00e3o v\u00e1lido para todas as quest\u00f5es relativas \u00e0 gest\u00e3o di\u00e1ria do pedido. Para as restantes quest\u00f5es que excedam a gest\u00e3o di\u00e1ria da rela\u00e7\u00e3o com o cliente, as comunica\u00e7\u00f5es dever\u00e3o ser efetuadas por meio fi\u00e1vel. Salvo acordo em contr\u00e1rio, considerar-se-\u00e1 como domic\u00edlio v\u00e1lido para efeitos de notifica\u00e7\u00f5es o domic\u00edlio social das partes.   <\/p>\t\t\t\t\t\t\t\t<\/div>\n\t\t\t\t<\/div>\n\t\t\t\t<div class=\"elementor-element elementor-element-ce585a2 elementor-widget elementor-widget-heading\" data-id=\"ce585a2\" data-element_type=\"widget\" data-e-type=\"widget\" data-widget_type=\"heading.default\">\n\t\t\t\t<div class=\"elementor-widget-container\">\n\t\t\t\t\t<h3 class=\"elementor-heading-title elementor-size-default\">4. Informa\u00e7\u00f5es sobre o pedido.<\/h3>\t\t\t\t<\/div>\n\t\t\t\t<\/div>\n\t\t\t\t<div class=\"elementor-element elementor-element-67b4168 elementor-widget elementor-widget-text-editor\" data-id=\"67b4168\" data-element_type=\"widget\" data-e-type=\"widget\" data-widget_type=\"text-editor.default\">\n\t\t\t\t<div class=\"elementor-widget-container\">\n\t\t\t\t\t\t\t\t\t<p>Para qualquer informa\u00e7\u00e3o sobre o pedido efetuado, o cliente pode entrar em contacto com a <strong> J.S.T. ESPA\u00d1A, S.A.U.<\/strong> atrav\u00e9s do formul\u00e1rio de contacto existente na nossa p\u00e1gina web, atrav\u00e9s do correio eletr\u00f3nico<span style=\"color: #009b42;\"><a style=\"color: #009b42;\" href=\"mailto:jst@jst.es\">jst@jst.es <\/a><\/span>ou atrav\u00e9s do agente comercial que habitualmente gere a sua conta de cliente.<\/p>\t\t\t\t\t\t\t\t<\/div>\n\t\t\t\t<\/div>\n\t\t\t\t<div class=\"elementor-element elementor-element-7443747 elementor-widget elementor-widget-heading\" data-id=\"7443747\" data-element_type=\"widget\" data-e-type=\"widget\" data-widget_type=\"heading.default\">\n\t\t\t\t<div class=\"elementor-widget-container\">\n\t\t\t\t\t<h3 class=\"elementor-heading-title elementor-size-default\">5. Qualidade do produto. Reclama\u00e7\u00f5es e devolu\u00e7\u00f5es de produtos. <\/h3>\t\t\t\t<\/div>\n\t\t\t\t<\/div>\n\t\t\t\t<div class=\"elementor-element elementor-element-080ecdf elementor-widget elementor-widget-text-editor\" data-id=\"080ecdf\" data-element_type=\"widget\" data-e-type=\"widget\" data-widget_type=\"text-editor.default\">\n\t\t\t\t<div class=\"elementor-widget-container\">\n\t\t\t\t\t\t\t\t\t<p>Garantimos que todos os produtos adquiridos s\u00e3o de \u00f3tima qualidade e adequados para todos os fins para os quais s\u00e3o normalmente fornecidos.<\/p><p>Tendo em conta que os produtos da <strong>J.S.T. ESPA\u00d1A, S.A.U.<\/strong> s\u00e3o adquiridos com a finalidade de serem integrados em processos de produ\u00e7\u00e3o, transforma\u00e7\u00e3o ou comercializa\u00e7\u00e3o, n\u00e3o ser\u00e1 atribu\u00edda a qualidade de consumidor, sendo o regime de garantias por defeitos do bem ou do produto regido pelas disposi\u00e7\u00f5es do C\u00f3digo Comercial.<\/p><p>De seguida, informamo-lo dos seus direitos perante eventuais problemas de qualidade que possam ser detetados no momento da entrega dos nossos produtos:<\/p><p>5.1 <strong>Defeitos \u00f3bvios:<\/strong> <\/p><p><strong> <\/strong>Os defeitos de qualidade s\u00e3o considerados manifestos quando est\u00e3o \u00e0 vista ou quando o comprador os pode detetar ap\u00f3s a inspe\u00e7\u00e3o da mercadoria. Caso sejam constatados defeitos de qualidade manifestos, o comprador poder\u00e1 apresentar uma reclama\u00e7\u00e3o no pr\u00f3prio momento da rece\u00e7\u00e3o da mercadoria ou no prazo de <strong>4 dias a contar da sua rece\u00e7\u00e3o<\/strong>, mediante correio eletr\u00f3nico enviado para o endere\u00e7o <a href=\"mailto:jst@jst.es\">jst@jst.es<\/a>, documentando tais defeitos. Se essa reclama\u00e7\u00e3o n\u00e3o for apresentada dentro do prazo indicado, a <strong>J.S.T. ESPA\u00d1A, S.A.U. <\/strong> n\u00e3o admitir\u00e1 qualquer tipo de reclama\u00e7\u00e3o por defeitos manifestos.  <\/p><p>No caso de ser recebida uma reclama\u00e7\u00e3o por defeitos manifestos dentro do prazo indicado, a <strong>J.S.T. ESPA\u00d1A, S.A.U.<\/strong> compromete-se a apresentar uma proposta de solu\u00e7\u00e3o para aprecia\u00e7\u00e3o por parte do comprador.<\/p><p>Em qualquer caso, o comprador dever\u00e1 cumprir os requisitos de prova dos alegados defeitos que, para esse efeito, lhe sejam solicitados pela <strong>J.S.T. ESPA\u00d1A, S.A.U.<\/strong>, os quais poder\u00e3o incluir o exame ou verifica\u00e7\u00e3o, por parte de pessoal de confian\u00e7a da <strong>J.S.T. ESPA\u00d1A, S.A.U.<\/strong>, das mercadorias que alegadamente apresentem tais defeitos manifestos. Caso n\u00e3o sejam atendidos os pedidos de prova ou de exame da mercadoria por parte da <strong>J.S.T. ESPA\u00d1A, S.A.U.<\/strong>, esta ficar\u00e1 exonerada de qualquer responsabilidade ou da apresenta\u00e7\u00e3o de uma proposta de solu\u00e7\u00e3o. <\/p><p>Entre as poss\u00edveis solu\u00e7\u00f5es para a referida falta de qualidade, o comprador poder\u00e1 optar, sendo que as propostas da <strong>J.S.T. ESPA\u00d1A, S.A.U. <\/strong> consistir\u00e3o, de forma opcional e alternativa, a escolher de m\u00fatuo acordo entre ambas as partes, em:<\/p><ul><li>O <strong>cumprimento do contrato mediante a entrega de novos produtos da mesma tipologia e quantidade daqueles que apresentam os referidos defeitos de qualidade<\/strong>, com um desconto de 3<strong>%<\/strong> a t\u00edtulo de indemniza\u00e7\u00e3o total pelos danos e preju\u00edzos causados.<\/li><\/ul><ul><li>A <strong>resolu\u00e7\u00e3o parcial do contrato na quantidade e nos valores correspondentes \u00e0s partidas ou unidades alegadamente defeituosas<\/strong>, bem como a emiss\u00e3o de um vale de desconto de 5% para aplicar em compras futuras, com validade de 1 ano, a t\u00edtulo de indemniza\u00e7\u00e3o total pelos danos e preju\u00edzos causados.<\/li><\/ul><ul><li>A <strong>resolu\u00e7\u00e3o do contrato<\/strong>, com restitui\u00e7\u00e3o rec\u00edproca das presta\u00e7\u00f5es entre as partes e com a entrega de um vale de desconto de 3<strong>%<\/strong> para aplicar em compras futuras, com validade de 1 ano, a t\u00edtulo de indemniza\u00e7\u00e3o total pelos danos e preju\u00edzos causados.<\/li><\/ul>\t\t\t\t\t\t\t\t<\/div>\n\t\t\t\t<\/div>\n\t\t\t\t<div class=\"elementor-element elementor-element-188c41f elementor-widget elementor-widget-text-editor\" data-id=\"188c41f\" data-element_type=\"widget\" data-e-type=\"widget\" data-widget_type=\"text-editor.default\">\n\t\t\t\t<div class=\"elementor-widget-container\">\n\t\t\t\t\t\t\t\t\t<p><strong>A J.S.T. ESPA\u00d1A, S.A.U<\/strong>. n\u00e3o admitir\u00e1 qualquer reclama\u00e7\u00e3o por defeitos de qualidade que sejam devidos a caso fortuito ou a fraude.<\/p><p>Para a efetividade dos presentes direitos, o Comprador dever\u00e1 comprovar a data de aquisi\u00e7\u00e3o e de rece\u00e7\u00e3o do produto, bem como a respetiva rastreabilidade (n\u00famero de lote e n\u00famero de bobina). Do mesmo modo, o Comprador dever\u00e1 seguir rigorosamente as indica\u00e7\u00f5es da <strong>J.S.T. ESPA\u00d1A, S.A.U. <\/strong> inclu\u00eddas na documenta\u00e7\u00e3o que acompanha o Produto, sempre que aplic\u00e1veis, de acordo com a gama e o modelo do Produto. <\/p><p><strong>A J.S.T. ESPA\u00d1A, S.A.U.<\/strong> emitir\u00e1 uma resposta \u2014 proposta de solu\u00e7\u00e3o \u00e0 reclama\u00e7\u00e3o apresentada pelo cliente no prazo mais breve poss\u00edvel a contar da rece\u00e7\u00e3o da reclama\u00e7\u00e3o.<\/p><p>N\u00e3o \u00e9 concedida qualquer garantia relativamente ao desgaste normal decorrente da utiliza\u00e7\u00e3o dos Produtos ou a uma utiliza\u00e7\u00e3o dos mesmos que contrarie as recomenda\u00e7\u00f5es de uso da <strong>J.S.T. ESPA\u00d1A, S.A.U. <\/strong> ou que n\u00e3o utilize as ferramentas originais da <strong>J.S.T. ESPA\u00d1A, S.A.U. <\/strong><\/p><p>5.2 <strong>Defeitos ocultos ou falhas internas: <\/strong> <\/p><p><strong> <\/strong>Ser\u00e3o considerados <strong>defeitos de qualidade ocultos ou v\u00edcios internos <\/strong> quando <strong>estes n\u00e3o sejam vis\u00edveis nem possam ser detetados pelo comprador ap\u00f3s a inspe\u00e7\u00e3o da mercadoria<\/strong> no momento da sua rece\u00e7\u00e3o. Neste caso, o comprador dever\u00e1 apresentar uma reclama\u00e7\u00e3o \u00e0 <strong>J.S.T. ESPA\u00d1A, S.A.U. <\/strong> no prazo de <strong>30 dias<\/strong> a contar da data de rece\u00e7\u00e3o dos produtos, mediante correio eletr\u00f3nico enviado ao comercial respons\u00e1vel pela sua conta ou, na sua falta, para jst@jst.es. <\/p><p>Estamos ante defectos ocultos o vicios internos cuando \u00e9stos sean de tal naturaleza que hagan que los productos sean impropios para el uso al que se destinan los productos o que de haberse conocido el mismo no se hubieran adquirido o se hubiera pagado un precio distinto por los mismos.<\/p><p><strong>A J.S.T. ESPA\u00d1A, S.A.U.<\/strong> n\u00e3o admitir\u00e1 qualquer reclama\u00e7\u00e3o por defeitos de qualidade que sejam devidos a casos fortuitos ou a fraude.<\/p><p>Em qualquer caso, o comprador dever\u00e1 cumprir os requisitos de prova dos alegados defeitos que, para esse efeito, lhe sejam solicitados pela <strong> J.S.T. ESPA\u00d1A, S.A.U.<\/strong>, os quais poder\u00e3o incluir o exame ou verifica\u00e7\u00e3o, por parte de pessoal de confian\u00e7a da <strong>J.S.T. ESPA\u00d1A, S.A.U.,<\/strong> das mercadorias que alegadamente apresentem tais defeitos ocultos ou v\u00edcios internos. Caso n\u00e3o sejam atendidos os pedidos de prova ou de exame da mercadoria por parte da <strong>J.S.T. ESPA\u00d1A, S.A.U.<\/strong>, esta ficar\u00e1 exonerada de qualquer responsabilidade ou da apresenta\u00e7\u00e3o de uma proposta de solu\u00e7\u00e3o. <\/p><p>Para a efetividade dos presentes direitos, o Comprador dever\u00e1 comprovar a data de aquisi\u00e7\u00e3o e de rece\u00e7\u00e3o do produto, bem como a respetiva rastreabilidade (n\u00famero de lote e n\u00famero de bobina). Do mesmo modo, o Comprador dever\u00e1 seguir rigorosamente as indica\u00e7\u00f5es da <strong>J.S.T. ESPA\u00d1A, S.A.U. <\/strong> inclu\u00eddas na documenta\u00e7\u00e3o que acompanha o Produto, sempre que aplic\u00e1veis, de acordo com a gama e o modelo do Produto. <\/p><p>Entre as poss\u00edveis solu\u00e7\u00f5es para a referida falta de qualidade, o comprador poder\u00e1 optar, sendo que as propostas da <strong>J.S.T. ESPA\u00d1A, S.A.U.<\/strong> consistir\u00e3o, de forma opcional e alternativa, a escolher de m\u00fatuo acordo entre ambas as partes, em:<\/p><ul><li>A <strong>resolu\u00e7\u00e3o do contrato com devolu\u00e7\u00e3o do pre\u00e7o pago e restitui\u00e7\u00e3o rec\u00edproca das presta\u00e7\u00f5es<\/strong>, juntamente com a atribui\u00e7\u00e3o de um vale de desconto no valor de 3% para compras futuras, a t\u00edtulo de indemniza\u00e7\u00e3o total pelos danos e preju\u00edzos causados.<\/li><\/ul><ul><li>Uma <strong>redu\u00e7\u00e3o de pre\u00e7o em valor proporcional aos defeitos encontrados<\/strong>, juntamente com um cupom de desconto de 5% para compras futuras como compensa\u00e7\u00e3o integral pelos danos causados.<\/li><\/ul><p><strong>J.S.T. ESPA\u00d1A, S.A.U.<\/strong> emitir\u00e1 uma resposta \u2013 uma solu\u00e7\u00e3o proposta para a reclama\u00e7\u00e3o feita pelo cliente \u2013 no prazo de sete dias \u00fateis a partir do recebimento da reclama\u00e7\u00e3o.<strong> <\/strong><\/p>\t\t\t\t\t\t\t\t<\/div>\n\t\t\t\t<\/div>\n\t\t\t\t<div class=\"elementor-element elementor-element-bd8f9d2 elementor-widget elementor-widget-heading\" data-id=\"bd8f9d2\" data-element_type=\"widget\" data-e-type=\"widget\" data-widget_type=\"heading.default\">\n\t\t\t\t<div class=\"elementor-widget-container\">\n\t\t\t\t\t<h3 class=\"elementor-heading-title elementor-size-default\">7. Pre\u00e7o<\/h3>\t\t\t\t<\/div>\n\t\t\t\t<\/div>\n\t\t\t\t<div class=\"elementor-element elementor-element-4897dca elementor-widget elementor-widget-text-editor\" data-id=\"4897dca\" data-element_type=\"widget\" data-e-type=\"widget\" data-widget_type=\"text-editor.default\">\n\t\t\t\t<div class=\"elementor-widget-container\">\n\t\t\t\t\t\t\t\t\t<p>7.1. Os pre\u00e7os dos produtos ser\u00e3o aqueles estipulados em qualquer momento na \u00e1rea Extranet do cliente ou aqueles indicados na oferta que apresentamos ao cliente para sua considera\u00e7\u00e3o e aprova\u00e7\u00e3o, e ser\u00e3o expressos em euros. Os pre\u00e7os indicados para cada produto n\u00e3o incluem o Imposto sobre Valor Agregado (IVA). <\/p><p>7.2. Os pre\u00e7os n\u00e3o incluem frete ou quaisquer outros servi\u00e7os al\u00e9m do custo do produto adquirido. O pre\u00e7o do produto, os impostos aplic\u00e1veis \u200b\u200be os custos de envio ser\u00e3o discriminados no momento da compra para que o cliente possa ver exatamente o que cada item inclui. <\/p><p>7.3. <strong>J.S.T. ESPA\u00d1A, S.A.U. <\/strong> reserva-se o direito de estabelecer um limite de cr\u00e9dito para cada cliente e de sujeitar as entregas a esse limite e\/ou \u00e0 apresenta\u00e7\u00e3o de uma garantia de pagamento suficiente.<\/p><p>7.4. <strong>J.S.T. ESPA\u00d1A, S.A.U. <\/strong> reserva-se o direito de propriedade plena dos produtos vendidos at\u00e9 que o cliente tenha efetuado o pagamento integral e efetivo do pre\u00e7o e dos valores faturados. Consequentemente, at\u00e9 que o pagamento integral dos valores faturados seja realizado, o cliente ser\u00e1 considerado mero deposit\u00e1rio dos produtos, sem que isso implique qualquer isen\u00e7\u00e3o da responsabilidade decorrente da entrega e da transfer\u00eancia da posse. <strong> <\/strong><\/p>\t\t\t\t\t\t\t\t<\/div>\n\t\t\t\t<\/div>\n\t\t\t\t<div class=\"elementor-element elementor-element-2bf58cc elementor-widget elementor-widget-heading\" data-id=\"2bf58cc\" data-element_type=\"widget\" data-e-type=\"widget\" data-widget_type=\"heading.default\">\n\t\t\t\t<div class=\"elementor-widget-container\">\n\t\t\t\t\t<h3 class=\"elementor-heading-title elementor-size-default\">8. Pagamento do pre\u00e7o<\/h3>\t\t\t\t<\/div>\n\t\t\t\t<\/div>\n\t\t\t\t<div class=\"elementor-element elementor-element-9284c24 elementor-widget elementor-widget-text-editor\" data-id=\"9284c24\" data-element_type=\"widget\" data-e-type=\"widget\" data-widget_type=\"text-editor.default\">\n\t\t\t\t<div class=\"elementor-widget-container\">\n\t\t\t\t\t\t\t\t\t<p>8.1. O pagamento dever\u00e1 ser efetuado de acordo com as condi\u00e7\u00f5es especificadas em cada fatura relativa \u00e0 encomenda emitida pela <strong>J.S.T. ESPA\u00d1A, S.A.U.<\/strong> O pagamento antecipado n\u00e3o confere ao cliente qualquer direito a desconto.<\/p><p>8.2. O n\u00e3o pagamento do pre\u00e7o dentro dos prazos estipulados na fatura do pedido e, portanto, aceitos pelo cliente, bem como qualquer atraso no pagamento, constituir\u00e1 uma viola\u00e7\u00e3o material das obriga\u00e7\u00f5es do cliente e dar\u00e1 \u00e0 <strong>J.S.T. ESPA\u00d1A, S.A.U.<\/strong> o direito de rescindir o contrato de venda ou exigir seu cumprimento. Em qualquer dos casos, a <strong> J.S.T. ESPA\u00d1A, S.A.U.<\/strong> ter\u00e1 direito a indeniza\u00e7\u00e3o por quaisquer danos sofridos em decorr\u00eancia do n\u00e3o pagamento ou do atraso, acrescidos dos juros comerciais de mora especificados abaixo. Caso outros pedidos estejam em andamento ou entregas parciais tenham sido realizadas e ainda haja produtos a serem entregues, a <strong>J.S.T. ESPA\u00d1A, S.A.U.<\/strong> ter\u00e1 o direito de suspender e rescindir esses contratos em caso de n\u00e3o pagamento das faturas anteriores, visto que tal inadimpl\u00eancia do cliente constituir\u00e1 uma viola\u00e7\u00e3o material do contrato.  <\/p><p>8.3<strong>.<\/strong> O incumprimento das obriga\u00e7\u00f5es de pagamento surge automaticamente, sem necessidade de notifica\u00e7\u00e3o judicial ou extrajudicial ao comprador.<\/p><p>8.4. Em caso de inadimpl\u00eancia do cliente no cumprimento da obriga\u00e7\u00e3o de pagamento, este dever\u00e1 indenizar a <strong>J.S.T. ESPA\u00d1A, S.A.U.<\/strong> por quaisquer danos causados \u200b\u200be pagar os seguintes valores que possam ter ocorrido em decorr\u00eancia da referida inadimpl\u00eancia:<\/p><ul><li>os juros comerciais por atraso de pagamento previstos nos artigos 5.\u00ba, 6.\u00ba e 7.\u00ba da Lei 3\/2004, relativamente aos montantes das faturas em atraso. <\/li><li>Um valor fixo de \u20ac40,00 ser\u00e1 adicionado ao saldo devedor principal.<\/li><li>Reembolso de todos os custos de cobran\u00e7a devidamente comprovados, sofridos em decorr\u00eancia do atraso, que excedam o valor acima mencionado de \u20ac 40,00.<\/li><\/ul>\t\t\t\t\t\t\t\t<\/div>\n\t\t\t\t<\/div>\n\t\t\t\t<div class=\"elementor-element elementor-element-38bc058 elementor-widget elementor-widget-heading\" data-id=\"38bc058\" data-element_type=\"widget\" data-e-type=\"widget\" data-widget_type=\"heading.default\">\n\t\t\t\t<div class=\"elementor-widget-container\">\n\t\t\t\t\t<h3 class=\"elementor-heading-title elementor-size-default\">9. Prazos de entrega<\/h3>\t\t\t\t<\/div>\n\t\t\t\t<\/div>\n\t\t\t\t<div class=\"elementor-element elementor-element-b2e70fb elementor-widget elementor-widget-text-editor\" data-id=\"b2e70fb\" data-element_type=\"widget\" data-e-type=\"widget\" data-widget_type=\"text-editor.default\">\n\t\t\t\t<div class=\"elementor-widget-container\">\n\t\t\t\t\t\t\t\t\t<p>9.1. De forma geral, os produtos ser\u00e3o entregues dentro de um prazo que ser\u00e1 determinado no momento da confirma\u00e7\u00e3o do pedido pela <strong>J.S.T. ESPA\u00d1A, S.A.U.<\/strong>, que n\u00e3o ser\u00e1 respons\u00e1vel perante o cliente por eventuais atrasos na entrega dos produtos decorrentes de for\u00e7a maior ou caso fortuito.<\/p><p>9.2. For\u00e7a maior significa todos os casos em que ocorrem circunst\u00e2ncias imprevistas, ou circunst\u00e2ncias que, mesmo que previstas, s\u00e3o inevit\u00e1veis, que n\u00e3o dependem da vontade das partes ou que escapam ao seu controle, e que n\u00e3o podem ser evitadas por elas, e que tornam imposs\u00edvel o cumprimento, total ou parcial, das obriga\u00e7\u00f5es da <strong>J.S.T. ESPA\u00d1A, S.A.U. <\/strong><\/p><p>A suspens\u00e3o da obriga\u00e7\u00e3o contratual de entrega dos produtos encomendados \u00e0 <strong>J.S.T. ESPA\u00d1A, S.A.U.<\/strong> vigorar\u00e1 enquanto persistir a causa de for\u00e7a maior. Caso essa situa\u00e7\u00e3o ocorra, a <strong>J.S.T. ESPA\u00d1A, S.A.U.<\/strong> notificar\u00e1 o cliente imediatamente e o mais brevemente poss\u00edvel, e envidar\u00e1 todos os esfor\u00e7os razo\u00e1veis \u200b\u200bpara solucionar a causa da suspens\u00e3o no menor tempo poss\u00edvel. <\/p><p>Caso o evento de for\u00e7a maior se prolongue por um per\u00edodo que impossibilite completamente a entrega, por n\u00e3o atender \u00e0s necessidades do pedido, ou, em qualquer caso, se prolongue por mais de tr\u00eas meses, o cliente poder\u00e1, mediante aviso pr\u00e9vio de 15 dias, solicitar o cancelamento do pedido.<\/p><p>9.3. Caso o cliente fa\u00e7a uma altera\u00e7\u00e3o no pedido, o prazo come\u00e7ar\u00e1 a contar a partir da data em que a empresa receber a solicita\u00e7\u00e3o de altera\u00e7\u00e3o.<\/p><p>9.4. A <strong>J.S.T. ESPA\u00d1A, S.A.U.<\/strong> envidar\u00e1 todos os esfor\u00e7os para entregar os seus produtos dentro dos prazos acordados com os seus clientes, tendo em conta os recursos e as capacidades dispon\u00edveis em cada momento. A este respeito, a <strong>J.S.T. ESPA\u00d1A, S.A.U. <\/strong> poder\u00e1 efetuar entregas parciais da encomenda, sendo o cliente obrigado a pagar a encomenda \u00e0 medida que estas entregas parciais forem efetuadas, se aplic\u00e1vel. <\/p><p>Caso a <strong>J.S.T. ESPA\u00d1A, S.A.U. <\/strong> determine que um atraso na entrega dos produtos \u00e9 previs\u00edvel em rela\u00e7\u00e3o \u00e0 data programada ou estimada na confirma\u00e7\u00e3o do pedido, ambas as partes concordam que, em conformidade com o princ\u00edpio da boa-f\u00e9 contratual, a <strong>J.S.T. ESPA\u00d1A, S.A.U. <\/strong> comunicar\u00e1 a nova data prevista de entrega o mais breve poss\u00edvel, e o cliente aceita esse novo prazo de entrega, prazo adicional ou per\u00edodo de cortesia, sem que isso constitua uma viola\u00e7\u00e3o das obriga\u00e7\u00f5es imput\u00e1veis \u200b\u200b\u00e0 <strong>J.S.T. ESPA\u00d1A, S.A.U.<\/strong><\/p><p>9.5. Quando surgirem circunst\u00e2ncias que estejam fora do controle da JST Espa\u00f1a, S.A.U., como a pandemia de COVID-19, problemas com mat\u00e9rias-primas na origem, etc., ser\u00e3o consideradas de for\u00e7a maior e  <strong>J.S.T. ESPA\u00d1A, S.A.U.<\/strong> A empresa informar\u00e1 o cliente sobre os prazos aproximados de entrega juntamente com a confirma\u00e7\u00e3o do pedido, e qualquer atraso na entrega causado por problemas de abastecimento decorrentes da pandemia ser\u00e1 considerado um caso de for\u00e7a maior e, portanto, nenhuma quebra de contrato poder\u00e1 ser atribu\u00edda \u00e0 empresa. <strong>J.S.T. ESPA\u00d1A, S.A.U. <\/strong>Considerando que estas circunst\u00e2ncias extraordin\u00e1rias est\u00e3o fora do seu controlo e s\u00e3o imprevis\u00edveis na atual situa\u00e7\u00e3o de pandemia, a obriga\u00e7\u00e3o de entrega fica suspensa at\u00e9 <strong>J.S.T. ESPA\u00d1A, S.A.U.<\/strong> Poder\u00e1 ser fornecida uma nova data de entrega e, em qualquer caso, se a mesma for prorrogada por mais de tr\u00eas meses, o cliente poder\u00e1, mediante aviso pr\u00e9vio de 15 dias, solicitar o cancelamento da encomenda.<\/p>\t\t\t\t\t\t\t\t<\/div>\n\t\t\t\t<\/div>\n\t\t\t\t<div class=\"elementor-element elementor-element-0a40946 elementor-widget elementor-widget-heading\" data-id=\"0a40946\" data-element_type=\"widget\" data-e-type=\"widget\" data-widget_type=\"heading.default\">\n\t\t\t\t<div class=\"elementor-widget-container\">\n\t\t\t\t\t<h3 class=\"elementor-heading-title elementor-size-default\">10. Responsabilidade<\/h3>\t\t\t\t<\/div>\n\t\t\t\t<\/div>\n\t\t\t\t<div class=\"elementor-element elementor-element-5947142 elementor-widget elementor-widget-text-editor\" data-id=\"5947142\" data-element_type=\"widget\" data-e-type=\"widget\" data-widget_type=\"text-editor.default\">\n\t\t\t\t<div class=\"elementor-widget-container\">\n\t\t\t\t\t\t\t\t\t<p>10.1<strong>. <\/strong> O cliente \u00e9 o \u00fanico respons\u00e1vel pela sele\u00e7\u00e3o do produto adquirido, bem como pela sua utiliza\u00e7\u00e3o ou fun\u00e7\u00e3o pretendida. Portanto, a J.S.T. ESPA\u00d1A, S.A.U. n\u00e3o se responsabiliza, nem garante, que o produto seja adequado \u00e0s aplica\u00e7\u00f5es t\u00e9cnicas pretendidas pelo cliente, nem que atinja, total ou parcialmente, os objetivos antecipados pelo cliente aquando da compra. A este respeito, o cliente n\u00e3o ter\u00e1 direito \u00e0 devolu\u00e7\u00e3o dos produtos e ao reembolso do valor pago. Qualquer aconselhamento t\u00e9cnico prestado pela <strong> J.S.T. ESPA\u00d1A,<\/strong> S.A.U., verbalmente ou por escrito, antes e durante a utiliza\u00e7\u00e3o do produto, \u00e9 prestado de boa-f\u00e9, mas sem qualquer garantia. O aconselhamento prestado pela <strong>J.S.T. ESPA\u00d1A, S.A.U.<\/strong> n\u00e3o exime o cliente da obriga\u00e7\u00e3o de utilizar o produto fornecido para os processos e fins a que se destina normalmente, de acordo com as instru\u00e7\u00f5es originais e com o equipamento original fornecido pela <strong>J.S.T. ESPA\u00d1A, S.A.U.<\/strong>    <\/p><p>10.2. A <strong>J.S.T. ESPA\u00d1A, S.A.U. <\/strong> exclui toda a responsabilidade por danos causados \u200b\u200bpor defeitos de produtos, exceto nos casos em que tal seja expressamente exigido por lei. Al\u00e9m disso, a <strong>J.S.T. ESPA\u00d1A, S.A.U.<\/strong> n\u00e3o ser\u00e1 respons\u00e1vel por perdas ou danos incidentais, indiretos ou consequenciais, lucros cessantes, perda de produ\u00e7\u00e3o ou receita, ou riscos de desenvolvimento de produtos. <\/p><p>10.3. Em qualquer caso, se a <strong>J.S.T. ESPA\u00d1A, S.A.U.<\/strong> for obrigada a assumir qualquer responsabilidade por danos sofridos pelo cliente, esta ser\u00e1 limitada a um montante equivalente ao valor correspondente \u00e0 encomenda do produto causador do dano, salvo se alguma disposi\u00e7\u00e3o legal obrigat\u00f3ria aplic\u00e1vel impuser um limite quantitativo superior \u00e0 responsabilidade da <strong>J.S.T. ESPA\u00d1A, S.A.U.<\/strong><\/p><p>10.4. O cliente ser\u00e1 o \u00fanico respons\u00e1vel, exonerando a <strong>J.S.T. ESPA\u00d1A, S.A.U.<\/strong>, quando aplic\u00e1vel, por quaisquer danos que possam advir aos seus pr\u00f3prios funcion\u00e1rios ou a terceiros devido ao uso, armazenamento, conserva\u00e7\u00e3o, manuseio ou transforma\u00e7\u00e3o inadequados dos produtos, em particular, mas n\u00e3o se limitando a, quando n\u00e3o tiver observado as indica\u00e7\u00f5es, advert\u00eancias ou instru\u00e7\u00f5es que a <strong>J.S.T. ESPA\u00d1A, S.A.U. <\/strong> possa ter fornecido a este respeito.<\/p><p>10.5. A <strong>J.S.T. ESPA\u00d1A, S.A.U.<\/strong> n\u00e3o ser\u00e1, em hip\u00f3tese alguma, respons\u00e1vel perante terceiros por causas fora de seu controle, incluindo o descumprimento, por parte do cliente, das normas aplic\u00e1veis \u200b\u200baos produtos. O cliente dever\u00e1 indenizar e isentar a <strong> J.S.T. ESPA\u00d1A, S.A.U. <\/strong> de quaisquer reclama\u00e7\u00f5es, danos e\/ou preju\u00edzos decorrentes, direta ou indiretamente, do descumprimento, por parte do cliente, das obriga\u00e7\u00f5es assumidas em virtude da rela\u00e7\u00e3o contratual. <strong> <\/strong><\/p>\t\t\t\t\t\t\t\t<\/div>\n\t\t\t\t<\/div>\n\t\t\t\t<div class=\"elementor-element elementor-element-ad9cdbf elementor-widget elementor-widget-heading\" data-id=\"ad9cdbf\" data-element_type=\"widget\" data-e-type=\"widget\" data-widget_type=\"heading.default\">\n\t\t\t\t<div class=\"elementor-widget-container\">\n\t\t\t\t\t<h3 class=\"elementor-heading-title elementor-size-default\">11. Lei Aplic\u00e1vel e Jurisdi\u00e7\u00e3o Competente<\/h3>\t\t\t\t<\/div>\n\t\t\t\t<\/div>\n\t\t\t\t<div class=\"elementor-element elementor-element-9ed5a18 elementor-widget elementor-widget-text-editor\" data-id=\"9ed5a18\" data-element_type=\"widget\" data-e-type=\"widget\" data-widget_type=\"text-editor.default\">\n\t\t\t\t<div class=\"elementor-widget-container\">\n\t\t\t\t\t\t\t\t\t<p>11.1. A rela\u00e7\u00e3o contratual entre a <strong>J.S.T. ESPA\u00d1A, S.A.U. <\/strong> e o Cliente, sujeita aos presentes termos contratuais, ser\u00e1 regida pela lei espanhola. As partes excluem expressamente a aplica\u00e7\u00e3o da Conven\u00e7\u00e3o das Na\u00e7\u00f5es Unidas sobre Contratos de Compra e Venda Internacional de Mercadorias de 1980 (Conven\u00e7\u00e3o de Viena). <\/p><p>11.2. Quaisquer quest\u00f5es que possam surgir em rela\u00e7\u00e3o \u00e0 execu\u00e7\u00e3o ou interpreta\u00e7\u00e3o das Condi\u00e7\u00f5es Gerais e do Pedido, as partes concordam em submet\u00ea-las aos Tribunais de Barcelona, \u200b\u200bcom ren\u00fancia expressa a qualquer outra jurisdi\u00e7\u00e3o que lhes possa ser aplic\u00e1vel.<\/p>\t\t\t\t\t\t\t\t<\/div>\n\t\t\t\t<\/div>\n\t\t\t\t<div class=\"elementor-element elementor-element-62e7df7 elementor-widget elementor-widget-heading\" data-id=\"62e7df7\" data-element_type=\"widget\" data-e-type=\"widget\" data-widget_type=\"heading.default\">\n\t\t\t\t<div class=\"elementor-widget-container\">\n\t\t\t\t\t<h3 class=\"elementor-heading-title elementor-size-default\">12. Prote\u00e7\u00e3o de dados<\/h3>\t\t\t\t<\/div>\n\t\t\t\t<\/div>\n\t\t\t\t<div class=\"elementor-element elementor-element-7f25dee elementor-widget elementor-widget-text-editor\" data-id=\"7f25dee\" data-element_type=\"widget\" data-e-type=\"widget\" data-widget_type=\"text-editor.default\">\n\t\t\t\t<div class=\"elementor-widget-container\">\n\t\t\t\t\t\t\t\t\t<p>Em cumprimento do dever de informa\u00e7\u00e3o estabelecido pelo <em>Regulamento (UE) 2016\/679, Regulamento Geral de Prote\u00e7\u00e3o de Dados (RGPD)<\/em>, o <strong>Respons\u00e1vel pelo Tratamento<\/strong>, J.S.T. ESPA\u00d1A, S.A.U., com sede em C\/Vilatort, n\u00ba 20, Pol. Ind. Coll de Montcada, 08110, Montcada i Reixac, Barcelona (Espanha), com o CIF A08691453, Tel. 93 564 21 20, <a href=\"mailto:jst@jst.es\">jst@jst.es<\/a>, informa o cliente e os seus representantes de que os dados pessoais fornecidos para a formaliza\u00e7\u00e3o da rela\u00e7\u00e3o contratual, bem como quaisquer outros que venham a ser necess\u00e1rios posteriormente para o seu adequado desenvolvimento, ser\u00e3o tratados \u00fanica e exclusivamente com a finalidade de garantir a correta gest\u00e3o dessa rela\u00e7\u00e3o contratual, o que inclui a gest\u00e3o contabil\u00edstica, fiscal e administrativa, com o respetivo acompanhamento.  <\/p><p>A base legal para o referido tratamento de dados de car\u00e1cter pessoal \u00e9 a sua necessidade para a execu\u00e7\u00e3o e o adequado desenvolvimento da rela\u00e7\u00e3o contratual, da qual o titular dos dados \u00e9 parte, decorrente dos servi\u00e7os e produtos contratados, bem como para o cumprimento das obriga\u00e7\u00f5es legais de natureza fiscal e contabil\u00edstica que da\u00ed possam resultar.<\/p><p>Informamos que os dados apenas ser\u00e3o comunicados \u00e0s entidades banc\u00e1rias para efeitos de cobran\u00e7a correspondente e aos transportadores, para o transporte e entrega dos produtos (cess\u00f5es que s\u00e3o necess\u00e1rias para a adequada execu\u00e7\u00e3o da nossa rela\u00e7\u00e3o contratual). N\u00e3o existem outras comunica\u00e7\u00f5es de dados, exceto as que possam ser exigidas por obriga\u00e7\u00e3o legal. <\/p><p>Esses dados apenas ser\u00e3o conservados enquanto durar a rela\u00e7\u00e3o contratual e, em qualquer caso, para efeitos de cumprimento de eventuais responsabilidades legais e exig\u00edveis que possam resultar da finalidade para a qual s\u00e3o recolhidos (nunca por um per\u00edodo superior a 6 anos a contar da \u00faltima fatura).<\/p><p>Pode exercer os seus direitos de acesso, retifica\u00e7\u00e3o, supress\u00e3o, portabilidade dos seus dados, limita\u00e7\u00e3o ou oposi\u00e7\u00e3o ao tratamento dos seus dados, dirigindo-se \u00e0 J.S.T. ESPA\u00d1A, S.A. e, caso considere que o exerc\u00edcio dos seus direitos n\u00e3o foi devidamente satisfeito, poder\u00e1 apresentar reclama\u00e7\u00e3o junto da Autoridade de Controlo.<\/p>\t\t\t\t\t\t\t\t<\/div>\n\t\t\t\t<\/div>\n\t\t\t\t\t<\/div>\n\t\t<\/div>\n\t\t\t\t\t<\/div>\n\t\t<\/section>\n\t\t\t\t<\/div>\n\t\t","protected":false},"excerpt":{"rendered":"<p>1. Objeto e \u00e2mbito de aplica\u00e7\u00e3o das presentes CGC. As presentes condi\u00e7\u00f5es gerais de contrata\u00e7\u00e3o ser\u00e3o aplic\u00e1veis aos produtos oferecidos pela J.S.T. ESPA\u00d1A, S.A.U., com sede na rua Vilatort, n\u00famero 20, Pol\u00edgono Industrial Coll de Montcada, C.P. 08110, Montcada i Reixac, Barcelona, Espanha, titular do NIF n\u00famero A-08691453, inscrita no Registo Comercial de Barcelona, folha [&hellip;]<\/p>\n","protected":false},"author":1,"featured_media":0,"parent":0,"menu_order":0,"comment_status":"closed","ping_status":"closed","template":"elementor_header_footer","meta":{"_acf_changed":false,"footnotes":""},"class_list":["post-54974","page","type-page","status-publish","hentry"],"acf":[],"yoast_head":"<!-- This site is optimized with the Yoast SEO plugin v27.2 - https:\/\/yoast.com\/product\/yoast-seo-wordpress\/ -->\n<title>Condi\u00e7\u00f5es gerais de contrata\u00e7\u00e3o - JST<\/title>\n<meta name=\"robots\" content=\"index, follow, max-snippet:-1, max-image-preview:large, max-video-preview:-1\" \/>\n<link rel=\"canonical\" href=\"https:\/\/jst.es\/pt-pt\/condicoes-gerais-de-contratacao\/\" \/>\n<meta property=\"og:locale\" content=\"pt_PT\" \/>\n<meta property=\"og:type\" content=\"article\" \/>\n<meta property=\"og:title\" content=\"Condi\u00e7\u00f5es gerais de contrata\u00e7\u00e3o - JST\" \/>\n<meta property=\"og:description\" content=\"1. Objeto e \u00e2mbito de aplica\u00e7\u00e3o das presentes CGC. As presentes condi\u00e7\u00f5es gerais de contrata\u00e7\u00e3o ser\u00e3o aplic\u00e1veis aos produtos oferecidos pela J.S.T. ESPA\u00d1A, S.A.U., com sede na rua Vilatort, n\u00famero 20, Pol\u00edgono Industrial Coll de Montcada, C.P. 08110, Montcada i Reixac, Barcelona, Espanha, titular do NIF n\u00famero A-08691453, inscrita no Registo Comercial de Barcelona, folha [&hellip;]\" \/>\n<meta property=\"og:url\" content=\"https:\/\/jst.es\/pt-pt\/condicoes-gerais-de-contratacao\/\" \/>\n<meta property=\"og:site_name\" content=\"JST\" \/>\n<meta property=\"article:modified_time\" content=\"2026-01-28T08:25:23+00:00\" \/>\n<meta name=\"twitter:card\" content=\"summary_large_image\" \/>\n<meta name=\"twitter:label1\" content=\"Tempo estimado de leitura\" \/>\n\t<meta name=\"twitter:data1\" content=\"20 minutos\" \/>\n<script type=\"application\/ld+json\" class=\"yoast-schema-graph\">{\"@context\":\"https:\/\/schema.org\",\"@graph\":[{\"@type\":\"WebPage\",\"@id\":\"https:\/\/jst.es\/pt-pt\/condicoes-gerais-de-contratacao\/\",\"url\":\"https:\/\/jst.es\/pt-pt\/condicoes-gerais-de-contratacao\/\",\"name\":\"Condi\u00e7\u00f5es gerais de contrata\u00e7\u00e3o - JST\",\"isPartOf\":{\"@id\":\"https:\/\/jst.es\/#website\"},\"datePublished\":\"2025-07-10T13:35:46+00:00\",\"dateModified\":\"2026-01-28T08:25:23+00:00\",\"breadcrumb\":{\"@id\":\"https:\/\/jst.es\/pt-pt\/condicoes-gerais-de-contratacao\/#breadcrumb\"},\"inLanguage\":\"pt-PT\",\"potentialAction\":[{\"@type\":\"ReadAction\",\"target\":[\"https:\/\/jst.es\/pt-pt\/condicoes-gerais-de-contratacao\/\"]}]},{\"@type\":\"BreadcrumbList\",\"@id\":\"https:\/\/jst.es\/pt-pt\/condicoes-gerais-de-contratacao\/#breadcrumb\",\"itemListElement\":[{\"@type\":\"ListItem\",\"position\":1,\"name\":\"Portada\",\"item\":\"https:\/\/jst.es\/pt-pt\/inicio\/\"},{\"@type\":\"ListItem\",\"position\":2,\"name\":\"Condi\u00e7\u00f5es gerais de contrata\u00e7\u00e3o\"}]},{\"@type\":\"WebSite\",\"@id\":\"https:\/\/jst.es\/#website\",\"url\":\"https:\/\/jst.es\/\",\"name\":\"JST\",\"description\":\"Soluciones tecnol\u00f3gicas a medida\",\"publisher\":{\"@id\":\"https:\/\/jst.es\/#organization\"},\"potentialAction\":[{\"@type\":\"SearchAction\",\"target\":{\"@type\":\"EntryPoint\",\"urlTemplate\":\"https:\/\/jst.es\/?s={search_term_string}\"},\"query-input\":{\"@type\":\"PropertyValueSpecification\",\"valueRequired\":true,\"valueName\":\"search_term_string\"}}],\"inLanguage\":\"pt-PT\"},{\"@type\":\"Organization\",\"@id\":\"https:\/\/jst.es\/#organization\",\"name\":\"JST\",\"url\":\"https:\/\/jst.es\/\",\"logo\":{\"@type\":\"ImageObject\",\"inLanguage\":\"pt-PT\",\"@id\":\"https:\/\/jst.es\/#\/schema\/logo\/image\/\",\"url\":\"https:\/\/jst.es\/wp-content\/uploads\/2025\/05\/logo-jst.png\",\"contentUrl\":\"https:\/\/jst.es\/wp-content\/uploads\/2025\/05\/logo-jst.png\",\"width\":250,\"height\":77,\"caption\":\"JST\"},\"image\":{\"@id\":\"https:\/\/jst.es\/#\/schema\/logo\/image\/\"}}]}<\/script>\n<!-- \/ Yoast SEO plugin. -->","yoast_head_json":{"title":"Condi\u00e7\u00f5es gerais de contrata\u00e7\u00e3o - JST","robots":{"index":"index","follow":"follow","max-snippet":"max-snippet:-1","max-image-preview":"max-image-preview:large","max-video-preview":"max-video-preview:-1"},"canonical":"https:\/\/jst.es\/pt-pt\/condicoes-gerais-de-contratacao\/","og_locale":"pt_PT","og_type":"article","og_title":"Condi\u00e7\u00f5es gerais de contrata\u00e7\u00e3o - JST","og_description":"1. Objeto e \u00e2mbito de aplica\u00e7\u00e3o das presentes CGC. As presentes condi\u00e7\u00f5es gerais de contrata\u00e7\u00e3o ser\u00e3o aplic\u00e1veis aos produtos oferecidos pela J.S.T. ESPA\u00d1A, S.A.U., com sede na rua Vilatort, n\u00famero 20, Pol\u00edgono Industrial Coll de Montcada, C.P. 08110, Montcada i Reixac, Barcelona, Espanha, titular do NIF n\u00famero A-08691453, inscrita no Registo Comercial de Barcelona, folha [&hellip;]","og_url":"https:\/\/jst.es\/pt-pt\/condicoes-gerais-de-contratacao\/","og_site_name":"JST","article_modified_time":"2026-01-28T08:25:23+00:00","twitter_card":"summary_large_image","twitter_misc":{"Tempo estimado de leitura":"20 minutos"},"schema":{"@context":"https:\/\/schema.org","@graph":[{"@type":"WebPage","@id":"https:\/\/jst.es\/pt-pt\/condicoes-gerais-de-contratacao\/","url":"https:\/\/jst.es\/pt-pt\/condicoes-gerais-de-contratacao\/","name":"Condi\u00e7\u00f5es gerais de contrata\u00e7\u00e3o - JST","isPartOf":{"@id":"https:\/\/jst.es\/#website"},"datePublished":"2025-07-10T13:35:46+00:00","dateModified":"2026-01-28T08:25:23+00:00","breadcrumb":{"@id":"https:\/\/jst.es\/pt-pt\/condicoes-gerais-de-contratacao\/#breadcrumb"},"inLanguage":"pt-PT","potentialAction":[{"@type":"ReadAction","target":["https:\/\/jst.es\/pt-pt\/condicoes-gerais-de-contratacao\/"]}]},{"@type":"BreadcrumbList","@id":"https:\/\/jst.es\/pt-pt\/condicoes-gerais-de-contratacao\/#breadcrumb","itemListElement":[{"@type":"ListItem","position":1,"name":"Portada","item":"https:\/\/jst.es\/pt-pt\/inicio\/"},{"@type":"ListItem","position":2,"name":"Condi\u00e7\u00f5es gerais de contrata\u00e7\u00e3o"}]},{"@type":"WebSite","@id":"https:\/\/jst.es\/#website","url":"https:\/\/jst.es\/","name":"JST","description":"Soluciones tecnol\u00f3gicas a medida","publisher":{"@id":"https:\/\/jst.es\/#organization"},"potentialAction":[{"@type":"SearchAction","target":{"@type":"EntryPoint","urlTemplate":"https:\/\/jst.es\/?s={search_term_string}"},"query-input":{"@type":"PropertyValueSpecification","valueRequired":true,"valueName":"search_term_string"}}],"inLanguage":"pt-PT"},{"@type":"Organization","@id":"https:\/\/jst.es\/#organization","name":"JST","url":"https:\/\/jst.es\/","logo":{"@type":"ImageObject","inLanguage":"pt-PT","@id":"https:\/\/jst.es\/#\/schema\/logo\/image\/","url":"https:\/\/jst.es\/wp-content\/uploads\/2025\/05\/logo-jst.png","contentUrl":"https:\/\/jst.es\/wp-content\/uploads\/2025\/05\/logo-jst.png","width":250,"height":77,"caption":"JST"},"image":{"@id":"https:\/\/jst.es\/#\/schema\/logo\/image\/"}}]}},"_links":{"self":[{"href":"https:\/\/jst.es\/pt-pt\/wp-json\/wp\/v2\/pages\/54974","targetHints":{"allow":["GET"]}}],"collection":[{"href":"https:\/\/jst.es\/pt-pt\/wp-json\/wp\/v2\/pages"}],"about":[{"href":"https:\/\/jst.es\/pt-pt\/wp-json\/wp\/v2\/types\/page"}],"author":[{"embeddable":true,"href":"https:\/\/jst.es\/pt-pt\/wp-json\/wp\/v2\/users\/1"}],"replies":[{"embeddable":true,"href":"https:\/\/jst.es\/pt-pt\/wp-json\/wp\/v2\/comments?post=54974"}],"version-history":[{"count":1,"href":"https:\/\/jst.es\/pt-pt\/wp-json\/wp\/v2\/pages\/54974\/revisions"}],"predecessor-version":[{"id":54975,"href":"https:\/\/jst.es\/pt-pt\/wp-json\/wp\/v2\/pages\/54974\/revisions\/54975"}],"wp:attachment":[{"href":"https:\/\/jst.es\/pt-pt\/wp-json\/wp\/v2\/media?parent=54974"}],"curies":[{"name":"wp","href":"https:\/\/api.w.org\/{rel}","templated":true}]}}